{"id":462,"date":"2023-09-10T02:10:23","date_gmt":"2023-09-10T02:10:23","guid":{"rendered":"https:\/\/www.riviera-ac.com\/entrepreneur-en-cvc\/"},"modified":"2023-11-22T02:22:55","modified_gmt":"2023-11-22T02:22:55","slug":"entrepreneur-en-cvc","status":"publish","type":"page","link":"https:\/\/www.riviera-ac.com\/fr\/entrepreneur-en-cvc\/","title":{"rendered":"Entrepreneur en CVC"},"content":{"rendered":"<p>[et_pb_section fb_built=\u00a0\u00bb1&Prime; admin_label=\u00a0\u00bbHeader\u00a0\u00bb _builder_version=\u00a0\u00bb4.22.1&Prime; _module_preset=\u00a0\u00bbdefault\u00a0\u00bb background_color=\u00a0\u00bb#f4f4f4&Prime; custom_padding=\u00a0\u00bb30px||30px||true|false\u00a0\u00bb global_module=\u00a0\u00bb226&Prime; saved_tabs=\u00a0\u00bball\u00a0\u00bb collapsed=\u00a0\u00bbon\u00a0\u00bb global_colors_info=\u00a0\u00bb{}\u00a0\u00bb][et_pb_row _builder_version=\u00a0\u00bb4.21.0&Prime; _module_preset=\u00a0\u00bbdefault\u00a0\u00bb global_colors_info=\u00a0\u00bb{}\u00a0\u00bb][et_pb_column type=\u00a0\u00bb4_4&Prime; _builder_version=\u00a0\u00bb4.21.0&Prime; _module_preset=\u00a0\u00bbdefault\u00a0\u00bb global_colors_info=\u00a0\u00bb{}\u00a0\u00bb][et_pb_post_title meta=\u00a0\u00bboff\u00a0\u00bb featured_image=\u00a0\u00bboff\u00a0\u00bb _builder_version=\u00a0\u00bb4.22.1&Prime; _module_preset=\u00a0\u00bbdefault\u00a0\u00bb title_font=\u00a0\u00bbFigtree|700|||||||\u00a0\u00bb title_text_color=\u00a0\u00bb#000000&Prime; title_font_size=\u00a0\u00bb50px\u00a0\u00bb title_font_size_tablet=\u00a0\u00bb\u00a0\u00bb title_font_size_phone=\u00a0\u00bb30px\u00a0\u00bb title_font_size_last_edited=\u00a0\u00bbon|tablet\u00a0\u00bb global_colors_info=\u00a0\u00bb{}\u00a0\u00bb][\/et_pb_post_title][\/et_pb_column][\/et_pb_row][\/et_pb_section][et_pb_section fb_built=\u00a0\u00bb1&Prime; admin_label=\u00a0\u00bbAbout\u00a0\u00bb _builder_version=\u00a0\u00bb4.21.0&Prime; _module_preset=\u00a0\u00bbdefault\u00a0\u00bb collapsed=\u00a0\u00bbon\u00a0\u00bb global_colors_info=\u00a0\u00bb{}\u00a0\u00bb][et_pb_row _builder_version=\u00a0\u00bb4.21.0&Prime; _module_preset=\u00a0\u00bbdefault\u00a0\u00bb global_colors_info=\u00a0\u00bb{}\u00a0\u00bb][et_pb_column type=\u00a0\u00bb4_4&Prime; _builder_version=\u00a0\u00bb4.21.0&Prime; _module_preset=\u00a0\u00bbdefault\u00a0\u00bb global_colors_info=\u00a0\u00bb{}\u00a0\u00bb][et_pb_text _builder_version=\u00a0\u00bb4.22.1&Prime; _module_preset=\u00a0\u00bb6e1425d3-7abd-431a-b7c4-bc58600bddde\u00a0\u00bb header_2_text_align=\u00a0\u00bbcenter\u00a0\u00bb header_2_font_size=\u00a0\u00bb50px\u00a0\u00bb custom_margin=\u00a0\u00bb||0px||false|false\u00a0\u00bb global_colors_info=\u00a0\u00bb{}\u00a0\u00bb]<\/p>\n<h2>Entrepreneur en CVC sur la C\u00f4te d&rsquo;Azur<\/h2>\n<p>[\/et_pb_text][et_pb_text _builder_version=\u00a0\u00bb4.22.1&Prime; _module_preset=\u00a0\u00bbc77ea102-d56f-4ab1-99d0-890ad5215541&Prime; text_font_size=\u00a0\u00bb18px\u00a0\u00bb text_orientation=\u00a0\u00bbcenter\u00a0\u00bb text_font_size_phone=\u00a0\u00bb14px\u00a0\u00bb global_colors_info=\u00a0\u00bb{}\u00a0\u00bb]En tant que premier entrepreneur en CVC sur la C\u00f4te d&rsquo;Azur, nous sommes sp\u00e9cialis\u00e9s dans la fourniture de services d&rsquo;installation de CVC de premi\u00e8re qualit\u00e9. Gr\u00e2ce \u00e0 notre vaste expertise, nous sommes comp\u00e9tents pour g\u00e9rer diff\u00e9rentes marques et mod\u00e8les de syst\u00e8mes CVC. Que vous ayez besoin d&rsquo;une nouvelle installation ou d&rsquo;une mise \u00e0 niveau, notre \u00e9quipe de professionnels exp\u00e9riment\u00e9s est l\u00e0 pour vous assurer un confort et une efficacit\u00e9 optimaux dans votre espace r\u00e9sidentiel ou commercial.[\/et_pb_text][\/et_pb_column][\/et_pb_row][et_pb_row _builder_version=\u00a0\u00bb4.21.0&Prime; _module_preset=\u00a0\u00bbdefault\u00a0\u00bb global_colors_info=\u00a0\u00bb{}\u00a0\u00bb][et_pb_column type=\u00a0\u00bb4_4&Prime; _builder_version=\u00a0\u00bb4.21.0&Prime; _module_preset=\u00a0\u00bbdefault\u00a0\u00bb global_colors_info=\u00a0\u00bb{}\u00a0\u00bb][et_pb_image src=\u00a0\u00bbhttps:\/\/www.riviera-ac.com\/wp-content\/uploads\/2023\/09\/home-decor-23.png\u00a0\u00bb _builder_version=\u00a0\u00bb4.22.2&Prime; _module_preset=\u00a0\u00bbdefault\u00a0\u00bb background_image=\u00a0\u00bbhttps:\/\/www.riviera-ac.com\/wp-content\/uploads\/2023\/09\/ac-installation.jpeg\u00a0\u00bb global_colors_info=\u00a0\u00bb{}\u00a0\u00bb][\/et_pb_image][\/et_pb_column][\/et_pb_row][\/et_pb_section][et_pb_section fb_built=\u00a0\u00bb1&Prime; admin_label=\u00a0\u00bbVideo\u00a0\u00bb _builder_version=\u00a0\u00bb4.22.1&Prime; _module_preset=\u00a0\u00bbdefault\u00a0\u00bb custom_padding=\u00a0\u00bb0px||||false|false\u00a0\u00bb locked=\u00a0\u00bboff\u00a0\u00bb collapsed=\u00a0\u00bbon\u00a0\u00bb global_colors_info=\u00a0\u00bb{}\u00a0\u00bb][et_pb_row _builder_version=\u00a0\u00bb4.21.0&Prime; _module_preset=\u00a0\u00bbdefault\u00a0\u00bb max_width=\u00a0\u00bb822px\u00a0\u00bb module_alignment=\u00a0\u00bbcenter\u00a0\u00bb saved_tabs=\u00a0\u00bball\u00a0\u00bb global_colors_info=\u00a0\u00bb{}\u00a0\u00bb][et_pb_column type=\u00a0\u00bb4_4&Prime; _builder_version=\u00a0\u00bb4.21.0&Prime; _module_preset=\u00a0\u00bbdefault\u00a0\u00bb global_colors_info=\u00a0\u00bb{}\u00a0\u00bb][et_pb_text _builder_version=\u00a0\u00bb4.22.1&Prime; _module_preset=\u00a0\u00bbb157f323-df72-4e85-ba5f-7439e4fe68e9&Prime; header_4_text_color=\u00a0\u00bbgcid-52e8b489-b10c-41af-b3c4-a69642f2df1f\u00a0\u00bb text_orientation=\u00a0\u00bbcenter\u00a0\u00bb custom_margin=\u00a0\u00bb||0px||false|false\u00a0\u00bb custom_padding=\u00a0\u00bb||0px||false|false\u00a0\u00bb global_colors_info=\u00a0\u00bb{%22gcid-52e8b489-b10c-41af-b3c4-a69642f2df1f%22:%91%22header_4_text_color%22%93}\u00a0\u00bb]<\/p>\n<h4>Questions et probl\u00e8mes courants en mati\u00e8re de chauffage, de ventilation et de climatisation<\/h4>\n<p>[\/et_pb_text][et_pb_text _builder_version=\u00a0\u00bb4.22.1&Prime; _module_preset=\u00a0\u00bbd358287c-7be1-462c-b44c-1b0289cce66e\u00a0\u00bb text_orientation=\u00a0\u00bbcenter\u00a0\u00bb custom_margin=\u00a0\u00bb||0px||false|false\u00a0\u00bb global_colors_info=\u00a0\u00bb{}\u00a0\u00bb]<\/p>\n<h3>Aupr\u00e8s de HVAC Contractor in the French Riviera, nous comprenons les d\u00e9fis qui se posent avec les syst\u00e8mes HVAC.<\/h3>\n<p>[\/et_pb_text][et_pb_text _builder_version=\u00a0\u00bb4.22.1&Prime; _module_preset=\u00a0\u00bbc77ea102-d56f-4ab1-99d0-890ad5215541&Prime; text_font_size=\u00a0\u00bb18px\u00a0\u00bb text_orientation=\u00a0\u00bbcenter\u00a0\u00bb global_colors_info=\u00a0\u00bb{}\u00a0\u00bb]En tant que premier entrepreneur en CVC sur la C\u00f4te d&rsquo;Azur, nous sommes sp\u00e9cialis\u00e9s dans la fourniture de services d&rsquo;installation de CVC de premi\u00e8re qualit\u00e9. Gr\u00e2ce \u00e0 notre vaste expertise, nous sommes comp\u00e9tents pour g\u00e9rer diff\u00e9rentes marques et mod\u00e8les de syst\u00e8mes CVC. Que vous ayez besoin d&rsquo;une nouvelle installation ou d&rsquo;une mise \u00e0 niveau, notre \u00e9quipe de professionnels exp\u00e9riment\u00e9s est l\u00e0 pour vous assurer un confort et une efficacit\u00e9 optimaux dans votre espace r\u00e9sidentiel ou commercial.[\/et_pb_text][et_pb_button button_url=\u00a0\u00bbhttps:\/\/www.riviera-ac.com\/fr\/contactez-nous\/\u00a0\u00bb button_text=\u00a0\u00bbContactez nous\u00a0\u00bb button_alignment=\u00a0\u00bbcenter\u00a0\u00bb _builder_version=\u00a0\u00bb4.22.1&Prime; _module_preset=\u00a0\u00bb43bedb11-c2bc-42e3-bd9f-7348092eb2a3&Prime; global_colors_info=\u00a0\u00bb{}\u00a0\u00bb][\/et_pb_button][\/et_pb_column][\/et_pb_row][\/et_pb_section][et_pb_section fb_built=\u00a0\u00bb1&Prime; admin_label=\u00a0\u00bbServices\u00a0\u00bb _builder_version=\u00a0\u00bb4.22.1&Prime; _module_preset=\u00a0\u00bbdefault\u00a0\u00bb custom_padding=\u00a0\u00bb0px||||false|false\u00a0\u00bb locked=\u00a0\u00bboff\u00a0\u00bb collapsed=\u00a0\u00bbon\u00a0\u00bb global_colors_info=\u00a0\u00bb{}\u00a0\u00bb][et_pb_row column_structure=\u00a0\u00bb1_2,1_2&Prime; _builder_version=\u00a0\u00bb4.21.0&Prime; _module_preset=\u00a0\u00bbdefault\u00a0\u00bb global_colors_info=\u00a0\u00bb{}\u00a0\u00bb][et_pb_column type=\u00a0\u00bb1_2&Prime; _builder_version=\u00a0\u00bb4.21.0&Prime; _module_preset=\u00a0\u00bbdefault\u00a0\u00bb global_colors_info=\u00a0\u00bb{}\u00a0\u00bb][et_pb_image src=\u00a0\u00bbhttps:\/\/www.riviera-ac.com\/wp-content\/uploads\/2023\/09\/home-decor-23.png\u00a0\u00bb _builder_version=\u00a0\u00bb4.22.2&Prime; _module_preset=\u00a0\u00bbdefault\u00a0\u00bb background_image=\u00a0\u00bbhttps:\/\/www.riviera-ac.com\/wp-content\/uploads\/2023\/09\/how-to-select-an-air-conditioner-for-your-home-desktop.webp\u00a0\u00bb global_colors_info=\u00a0\u00bb{}\u00a0\u00bb][\/et_pb_image][et_pb_text _builder_version=\u00a0\u00bb4.22.1&Prime; _module_preset=\u00a0\u00bb6e1425d3-7abd-431a-b7c4-bc58600bddde\u00a0\u00bb header_2_font_size=\u00a0\u00bb32px\u00a0\u00bb custom_margin=\u00a0\u00bb||10px||false|false\u00a0\u00bb locked=\u00a0\u00bboff\u00a0\u00bb global_colors_info=\u00a0\u00bb{}\u00a0\u00bb]<\/p>\n<h2>D\u00e9pannage et <br \/>processus de diagnostic<\/h2>\n<p>[\/et_pb_text][et_pb_text _builder_version=\u00a0\u00bb4.22.1&Prime; _module_preset=\u00a0\u00bbc77ea102-d56f-4ab1-99d0-890ad5215541&Prime; text_font_size=\u00a0\u00bb18px\u00a0\u00bb global_colors_info=\u00a0\u00bb{}\u00a0\u00bb]<\/p>\n<p>Notre engagement \u00e0 fournir un service exceptionnel commence par un processus complet de d\u00e9pannage et de diagnostic.<\/p>\n<p>Lorsque vous nous choisissez comme entrepreneur en CVC, nous proc\u00e9dons \u00e0 une \u00e9valuation compl\u00e8te de votre syst\u00e8me, en inspectant m\u00e9ticuleusement tous les composants et en identifiant tous les probl\u00e8mes potentiels.<\/p>\n<p>Gr\u00e2ce \u00e0 notre souci du d\u00e9tail, nous fournissons des devis pr\u00e9cis et des prix transparents, ce qui vous permet de comprendre clairement les r\u00e9parations ou les installations n\u00e9cessaires.<\/p>\n<p>[\/et_pb_text][\/et_pb_column][et_pb_column type=\u00a0\u00bb1_2&Prime; _builder_version=\u00a0\u00bb4.21.0&Prime; _module_preset=\u00a0\u00bbdefault\u00a0\u00bb global_colors_info=\u00a0\u00bb{}\u00a0\u00bb][et_pb_text _builder_version=\u00a0\u00bb4.22.1&Prime; _module_preset=\u00a0\u00bb6e1425d3-7abd-431a-b7c4-bc58600bddde\u00a0\u00bb header_2_font_size=\u00a0\u00bb32px\u00a0\u00bb custom_margin=\u00a0\u00bb||10px||false|false\u00a0\u00bb custom_padding=\u00a0\u00bb||||false|false\u00a0\u00bb locked=\u00a0\u00bboff\u00a0\u00bb global_colors_info=\u00a0\u00bb{}\u00a0\u00bb]<\/p>\n<h2>Avantages de l&rsquo;entretien r\u00e9gulier des syst\u00e8mes de chauffage, de ventilation et de climatisation<\/h2>\n<p>[\/et_pb_text][et_pb_text _builder_version=\u00a0\u00bb4.22.1&Prime; _module_preset=\u00a0\u00bbc77ea102-d56f-4ab1-99d0-890ad5215541&Prime; text_font_size=\u00a0\u00bb18px\u00a0\u00bb global_colors_info=\u00a0\u00bb{}\u00a0\u00bb]<\/p>\n<p>Un entretien r\u00e9gulier est essentiel pour pr\u00e9server la long\u00e9vit\u00e9 et l&rsquo;efficacit\u00e9 de votre syst\u00e8me. Chez Riviera AC, nous insistons sur l&rsquo;importance de l&rsquo;entretien de routine pour pr\u00e9venir les pannes co\u00fbteuses et assurer des performances optimales. Nous offrons des plans de service complets adapt\u00e9s \u00e0 vos besoins sp\u00e9cifiques, y compris des visites d&rsquo;entretien programm\u00e9es, un service prioritaire et des remises sur les r\u00e9parations et les remplacements.<\/p>\n<p>Gr\u00e2ce \u00e0 notre approche proactive, nous vous aidons \u00e0 \u00e9viter les probl\u00e8mes de chauffage, de ventilation et de climatisation inattendus et \u00e0 maintenir un environnement int\u00e9rieur confortable tout au long de l&rsquo;ann\u00e9e.<\/p>\n<p>[\/et_pb_text][et_pb_image src=\u00a0\u00bbhttps:\/\/www.riviera-ac.com\/wp-content\/uploads\/2023\/09\/home-decor-23.png\u00a0\u00bb _builder_version=\u00a0\u00bb4.22.2&Prime; _module_preset=\u00a0\u00bbdefault\u00a0\u00bb background_image=\u00a0\u00bbhttps:\/\/www.riviera-ac.com\/wp-content\/uploads\/2023\/09\/How-Does-An-Air-Conditioner-Work-3.jpeg\u00a0\u00bb global_colors_info=\u00a0\u00bb{}\u00a0\u00bb][\/et_pb_image][\/et_pb_column][\/et_pb_row][et_pb_row _builder_version=\u00a0\u00bb4.22.1&Prime; _module_preset=\u00a0\u00bbdefault\u00a0\u00bb global_colors_info=\u00a0\u00bb{}\u00a0\u00bb][et_pb_column type=\u00a0\u00bb4_4&Prime; _builder_version=\u00a0\u00bb4.22.1&Prime; _module_preset=\u00a0\u00bbdefault\u00a0\u00bb global_colors_info=\u00a0\u00bb{}\u00a0\u00bb][et_pb_text _builder_version=\u00a0\u00bb4.22.1&Prime; _module_preset=\u00a0\u00bb6e1425d3-7abd-431a-b7c4-bc58600bddde\u00a0\u00bb header_2_font_size=\u00a0\u00bb32px\u00a0\u00bb custom_margin=\u00a0\u00bb||10px||false|false\u00a0\u00bb locked=\u00a0\u00bboff\u00a0\u00bb global_colors_info=\u00a0\u00bb{}\u00a0\u00bb]<\/p>\n<h2 style=\"text-align : center ;\">Services de r\u00e9paration d&rsquo;urgence des syst\u00e8mes de chauffage, de ventilation et de climatisation<\/h2>\n<p>[\/et_pb_text][et_pb_text _builder_version=\u00a0\u00bb4.22.1&Prime; _module_preset=\u00a0\u00bbc77ea102-d56f-4ab1-99d0-890ad5215541&Prime; text_font_size=\u00a0\u00bb18px\u00a0\u00bb global_colors_info=\u00a0\u00bb{}\u00a0\u00bb]<\/p>\n<p style=\"text-align: center;\">Nous savons que les urgences en mati\u00e8re de chauffage, de ventilation et de climatisation peuvent survenir \u00e0 tout moment. C&rsquo;est pourquoi nous proposons des services de r\u00e9paration d&rsquo;urgence fiables, disponibles 24 heures sur 24 et 7 jours sur 7.<\/p>\n<p style=\"text-align: center;\">Lorsque vous rencontrez une panne ou un dysfonctionnement soudain, notre \u00e9quipe d\u00e9vou\u00e9e n&rsquo;est qu&rsquo;\u00e0 un coup de fil. Nous privil\u00e9gions les temps de r\u00e9ponse rapides afin de minimiser les temps d&rsquo;arr\u00eat et de r\u00e9tablir rapidement le confort de votre maison ou de votre entreprise.<\/p>\n<p style=\"text-align: center;\">Comptez sur nous pour des r\u00e9parations d&rsquo;urgence efficaces et professionnelles dans le domaine du chauffage, de la ventilation et de la climatisation sur la C\u00f4te d&rsquo;Azur.<\/p>\n<p>[\/et_pb_text][et_pb_button button_url=\u00a0\u00bbhttps:\/\/www.riviera-ac.com\/fr\/contactez-nous\/\u00a0\u00bb button_text=\u00a0\u00bbContactez nous\u00a0\u00bb button_alignment=\u00a0\u00bbcenter\u00a0\u00bb _builder_version=\u00a0\u00bb4.22.1&Prime; _module_preset=\u00a0\u00bb43bedb11-c2bc-42e3-bd9f-7348092eb2a3&Prime; global_colors_info=\u00a0\u00bb{}\u00a0\u00bb][\/et_pb_button][\/et_pb_column][\/et_pb_row][\/et_pb_section][et_pb_section fb_built=\u00a0\u00bb1&Prime; admin_label=\u00a0\u00bbFooter Call to Action\u00a0\u00bb _builder_version=\u00a0\u00bb4.22.1&Prime; _module_preset=\u00a0\u00bbdefault\u00a0\u00bb background_enable_color=\u00a0\u00bboff\u00a0\u00bb use_background_color_gradient=\u00a0\u00bbon\u00a0\u00bb background_color_gradient_stops=\u00a0\u00bbrgba(14,14,14,0.7) 0%|rgba(14,14,14,0.3) 100%\u00a0\u00bb background_color_gradient_overlays_image=\u00a0\u00bbon\u00a0\u00bb background_image=\u00a0\u00bbhttps:\/\/www.riviera-ac.com\/wp-content\/uploads\/2023\/09\/BG-image.jpeg\u00a0\u00bb custom_padding=\u00a0\u00bb5vw||5vw||true|false\u00a0\u00bb saved_tabs=\u00a0\u00bball\u00a0\u00bb collapsed=\u00a0\u00bbon\u00a0\u00bb global_colors_info=\u00a0\u00bb{}\u00a0\u00bb][et_pb_row _builder_version=\u00a0\u00bb4.21.0&Prime; _module_preset=\u00a0\u00bbdefault\u00a0\u00bb global_colors_info=\u00a0\u00bb{}\u00a0\u00bb][et_pb_column type=\u00a0\u00bb4_4&Prime; _builder_version=\u00a0\u00bb4.21.0&Prime; _module_preset=\u00a0\u00bbdefault\u00a0\u00bb global_colors_info=\u00a0\u00bb{}\u00a0\u00bb][et_pb_text _builder_version=\u00a0\u00bb4.22.1&Prime; _module_preset=\u00a0\u00bbee2836d4-1cef-4cf9-b6db-69fb9b72d8ae\u00a0\u00bb header_2_text_color=\u00a0\u00bb#FFFFFF\u00a0\u00bb text_orientation=\u00a0\u00bbcenter\u00a0\u00bb custom_margin=\u00a0\u00bb||20px||false|false\u00a0\u00bb global_colors_info=\u00a0\u00bb{}\u00a0\u00bb]<\/p>\n<h2>Contactez Riviera AC<\/h2>\n<p>[\/et_pb_text][et_pb_text _builder_version=\u00a0\u00bb4.22.1&Prime; _module_preset=\u00a0\u00bbd9763b36-949c-4893-a675-5dc8d9d6b528&Prime; text_text_color=\u00a0\u00bb#FFFFFF\u00a0\u00bb text_orientation=\u00a0\u00bbcenter\u00a0\u00bb custom_margin=\u00a0\u00bb||||false|false\u00a0\u00bb global_colors_info=\u00a0\u00bb{}\u00a0\u00bb]En choisissant Riviera AC, vous pouvez faire confiance \u00e0 notre expertise, \u00e0 notre service client exceptionnel et \u00e0 notre engagement \u00e0 fournir des solutions CVC fiables. Contactez-nous d\u00e8s aujourd&rsquo;hui pour tous vos besoins d&rsquo;installation, de r\u00e9paration et de maintenance.[\/et_pb_text][et_pb_button button_url=\u00a0\u00bbhttps:\/\/www.riviera-ac.com\/fr\/contactez-nous\/\u00a0\u00bb button_text=\u00a0\u00bbConnectez-vous\u00a0\u00bb button_alignment=\u00a0\u00bbcenter\u00a0\u00bb _builder_version=\u00a0\u00bb4.22.1&Prime; _module_preset=\u00a0\u00bb43bedb11-c2bc-42e3-bd9f-7348092eb2a3&Prime; locked=\u00a0\u00bboff\u00a0\u00bb global_colors_info=\u00a0\u00bb{}\u00a0\u00bb][\/et_pb_button][\/et_pb_column][\/et_pb_row][\/et_pb_section]<\/p>\n","protected":false},"excerpt":{"rendered":"<p>Entrepreneur en CVC sur la C\u00f4te d&rsquo;AzurEn tant que premier entrepreneur en CVC sur la C\u00f4te d&rsquo;Azur, nous sommes sp\u00e9cialis\u00e9s dans la fourniture de services d&rsquo;installation de CVC de premi\u00e8re qualit\u00e9. Gr\u00e2ce \u00e0 notre vaste expertise, nous sommes comp\u00e9tents pour g\u00e9rer diff\u00e9rentes marques et mod\u00e8les de syst\u00e8mes CVC. Que vous ayez besoin d&rsquo;une nouvelle installation [&hellip;]<\/p>\n","protected":false},"author":2,"featured_media":0,"parent":0,"menu_order":0,"comment_status":"closed","ping_status":"closed","template":"","meta":{"_et_pb_use_builder":"on","_et_pb_old_content":"","_et_gb_content_width":"","footnotes":""},"class_list":["post-462","page","type-page","status-publish","hentry"],"yoast_head":"<!-- This site is optimized with the Yoast SEO plugin v27.5 - https:\/\/yoast.com\/product\/yoast-seo-wordpress\/ -->\n<title>Riviera AC : Entrepreneur HVAC sur la C\u00f4te d&#039;Azur<\/title>\n<meta name=\"description\" content=\"Choisissez Riviera AC, votre entrepreneur HVAC de confiance dans la C\u00f4te d&#039;Azur, pour l&#039;installation, la maintenance et la r\u00e9paration de votre syst\u00e8me de climatisation.\" \/>\n<meta name=\"robots\" content=\"index, follow, max-snippet:-1, max-image-preview:large, max-video-preview:-1\" \/>\n<link rel=\"canonical\" href=\"https:\/\/www.riviera-ac.com\/fr\/entrepreneur-en-cvc\/\" \/>\n<meta property=\"og:locale\" content=\"fr_FR\" \/>\n<meta property=\"og:type\" content=\"article\" \/>\n<meta property=\"og:title\" content=\"Riviera AC : Entrepreneur HVAC sur la C\u00f4te d&#039;Azur\" \/>\n<meta property=\"og:description\" content=\"Choisissez Riviera AC, votre entrepreneur HVAC de confiance dans la C\u00f4te d&#039;Azur, pour l&#039;installation, la maintenance et la r\u00e9paration de votre syst\u00e8me de climatisation.\" \/>\n<meta property=\"og:url\" content=\"https:\/\/www.riviera-ac.com\/fr\/entrepreneur-en-cvc\/\" \/>\n<meta property=\"og:site_name\" content=\"Riviera AC\" \/>\n<meta property=\"article:modified_time\" content=\"2023-11-22T02:22:55+00:00\" \/>\n<meta name=\"twitter:card\" content=\"summary_large_image\" \/>\n<meta name=\"twitter:label1\" content=\"Dur\u00e9e de lecture estim\u00e9e\" \/>\n\t<meta name=\"twitter:data1\" content=\"9 minutes\" \/>\n<script type=\"application\/ld+json\" class=\"yoast-schema-graph\">{\"@context\":\"https:\\\/\\\/schema.org\",\"@graph\":[{\"@type\":\"WebPage\",\"@id\":\"https:\\\/\\\/www.riviera-ac.com\\\/fr\\\/entrepreneur-en-cvc\\\/\",\"url\":\"https:\\\/\\\/www.riviera-ac.com\\\/fr\\\/entrepreneur-en-cvc\\\/\",\"name\":\"Riviera AC : Entrepreneur HVAC sur la C\u00f4te d'Azur\",\"isPartOf\":{\"@id\":\"https:\\\/\\\/www.riviera-ac.com\\\/fr\\\/#website\"},\"datePublished\":\"2023-09-10T02:10:23+00:00\",\"dateModified\":\"2023-11-22T02:22:55+00:00\",\"description\":\"Choisissez Riviera AC, votre entrepreneur HVAC de confiance dans la C\u00f4te d'Azur, pour l'installation, la maintenance et la r\u00e9paration de votre syst\u00e8me de climatisation.\",\"breadcrumb\":{\"@id\":\"https:\\\/\\\/www.riviera-ac.com\\\/fr\\\/entrepreneur-en-cvc\\\/#breadcrumb\"},\"inLanguage\":\"fr-FR\",\"potentialAction\":[{\"@type\":\"ReadAction\",\"target\":[\"https:\\\/\\\/www.riviera-ac.com\\\/fr\\\/entrepreneur-en-cvc\\\/\"]}]},{\"@type\":\"BreadcrumbList\",\"@id\":\"https:\\\/\\\/www.riviera-ac.com\\\/fr\\\/entrepreneur-en-cvc\\\/#breadcrumb\",\"itemListElement\":[{\"@type\":\"ListItem\",\"position\":1,\"name\":\"Home\",\"item\":\"https:\\\/\\\/www.riviera-ac.com\\\/fr\\\/\"},{\"@type\":\"ListItem\",\"position\":2,\"name\":\"Entrepreneur en CVC\"}]},{\"@type\":\"WebSite\",\"@id\":\"https:\\\/\\\/www.riviera-ac.com\\\/fr\\\/#website\",\"url\":\"https:\\\/\\\/www.riviera-ac.com\\\/fr\\\/\",\"name\":\"Riviera AC\",\"description\":\"Air Conditioners Experts - French Riviera\",\"potentialAction\":[{\"@type\":\"SearchAction\",\"target\":{\"@type\":\"EntryPoint\",\"urlTemplate\":\"https:\\\/\\\/www.riviera-ac.com\\\/fr\\\/?s={search_term_string}\"},\"query-input\":{\"@type\":\"PropertyValueSpecification\",\"valueRequired\":true,\"valueName\":\"search_term_string\"}}],\"inLanguage\":\"fr-FR\"}]}<\/script>\n<!-- \/ Yoast SEO plugin. -->","yoast_head_json":{"title":"Riviera AC : Entrepreneur HVAC sur la C\u00f4te d'Azur","description":"Choisissez Riviera AC, votre entrepreneur HVAC de confiance dans la C\u00f4te d'Azur, pour l'installation, la maintenance et la r\u00e9paration de votre syst\u00e8me de climatisation.","robots":{"index":"index","follow":"follow","max-snippet":"max-snippet:-1","max-image-preview":"max-image-preview:large","max-video-preview":"max-video-preview:-1"},"canonical":"https:\/\/www.riviera-ac.com\/fr\/entrepreneur-en-cvc\/","og_locale":"fr_FR","og_type":"article","og_title":"Riviera AC : Entrepreneur HVAC sur la C\u00f4te d'Azur","og_description":"Choisissez Riviera AC, votre entrepreneur HVAC de confiance dans la C\u00f4te d'Azur, pour l'installation, la maintenance et la r\u00e9paration de votre syst\u00e8me de climatisation.","og_url":"https:\/\/www.riviera-ac.com\/fr\/entrepreneur-en-cvc\/","og_site_name":"Riviera AC","article_modified_time":"2023-11-22T02:22:55+00:00","twitter_card":"summary_large_image","twitter_misc":{"Dur\u00e9e de lecture estim\u00e9e":"9 minutes"},"schema":{"@context":"https:\/\/schema.org","@graph":[{"@type":"WebPage","@id":"https:\/\/www.riviera-ac.com\/fr\/entrepreneur-en-cvc\/","url":"https:\/\/www.riviera-ac.com\/fr\/entrepreneur-en-cvc\/","name":"Riviera AC : Entrepreneur HVAC sur la C\u00f4te d'Azur","isPartOf":{"@id":"https:\/\/www.riviera-ac.com\/fr\/#website"},"datePublished":"2023-09-10T02:10:23+00:00","dateModified":"2023-11-22T02:22:55+00:00","description":"Choisissez Riviera AC, votre entrepreneur HVAC de confiance dans la C\u00f4te d'Azur, pour l'installation, la maintenance et la r\u00e9paration de votre syst\u00e8me de climatisation.","breadcrumb":{"@id":"https:\/\/www.riviera-ac.com\/fr\/entrepreneur-en-cvc\/#breadcrumb"},"inLanguage":"fr-FR","potentialAction":[{"@type":"ReadAction","target":["https:\/\/www.riviera-ac.com\/fr\/entrepreneur-en-cvc\/"]}]},{"@type":"BreadcrumbList","@id":"https:\/\/www.riviera-ac.com\/fr\/entrepreneur-en-cvc\/#breadcrumb","itemListElement":[{"@type":"ListItem","position":1,"name":"Home","item":"https:\/\/www.riviera-ac.com\/fr\/"},{"@type":"ListItem","position":2,"name":"Entrepreneur en CVC"}]},{"@type":"WebSite","@id":"https:\/\/www.riviera-ac.com\/fr\/#website","url":"https:\/\/www.riviera-ac.com\/fr\/","name":"Riviera AC","description":"Air Conditioners Experts - French Riviera","potentialAction":[{"@type":"SearchAction","target":{"@type":"EntryPoint","urlTemplate":"https:\/\/www.riviera-ac.com\/fr\/?s={search_term_string}"},"query-input":{"@type":"PropertyValueSpecification","valueRequired":true,"valueName":"search_term_string"}}],"inLanguage":"fr-FR"}]}},"_links":{"self":[{"href":"https:\/\/www.riviera-ac.com\/fr\/wp-json\/wp\/v2\/pages\/462","targetHints":{"allow":["GET"]}}],"collection":[{"href":"https:\/\/www.riviera-ac.com\/fr\/wp-json\/wp\/v2\/pages"}],"about":[{"href":"https:\/\/www.riviera-ac.com\/fr\/wp-json\/wp\/v2\/types\/page"}],"author":[{"embeddable":true,"href":"https:\/\/www.riviera-ac.com\/fr\/wp-json\/wp\/v2\/users\/2"}],"replies":[{"embeddable":true,"href":"https:\/\/www.riviera-ac.com\/fr\/wp-json\/wp\/v2\/comments?post=462"}],"version-history":[{"count":2,"href":"https:\/\/www.riviera-ac.com\/fr\/wp-json\/wp\/v2\/pages\/462\/revisions"}],"predecessor-version":[{"id":464,"href":"https:\/\/www.riviera-ac.com\/fr\/wp-json\/wp\/v2\/pages\/462\/revisions\/464"}],"wp:attachment":[{"href":"https:\/\/www.riviera-ac.com\/fr\/wp-json\/wp\/v2\/media?parent=462"}],"curies":[{"name":"wp","href":"https:\/\/api.w.org\/{rel}","templated":true}]}}